{"id":17,"date":"2010-08-26T22:39:28","date_gmt":"2010-08-26T22:39:28","guid":{"rendered":"http:\/\/serafimfernandes.pt\/?page_id=17"},"modified":"2023-08-26T19:08:42","modified_gmt":"2023-08-26T19:08:42","slug":"historia","status":"publish","type":"page","link":"https:\/\/serafimfernandes.pt\/?page_id=17","title":{"rendered":"Hist\u00f3ria"},"content":{"rendered":"<p><a href=\"http:\/\/serafimfernandes.pt\/wp-content\/uploads\/2010\/08\/sftear.jpg\"><img loading=\"lazy\" decoding=\"async\" class=\"alignnone size-full wp-image-60\" title=\"tear\" src=\"http:\/\/serafimfernandes.pt\/wp-content\/uploads\/2010\/08\/sftear.jpg\" alt=\"tear\" width=\"480\" height=\"180\" srcset=\"https:\/\/serafimfernandes.pt\/wp-content\/uploads\/2010\/08\/sftear.jpg 480w, https:\/\/serafimfernandes.pt\/wp-content\/uploads\/2010\/08\/sftear-300x112.jpg 300w\" sizes=\"auto, (max-width: 480px) 100vw, 480px\" \/><\/a><\/p>\n<p>A Empresa SERAFIM A. G. FERNANDES, foi criada em Abril de 1992.<\/p>\n<p>SERAFIM FERNANDES, o fundador, foi sempre uma pessoa muito ativa e empreendedora. Toda a sua vida esteve ligado \u00e0 Ind\u00fastria Textil, tendo trabalhado cerca de 30 anos, como afinador de m\u00e1quinas de tecelagem.<\/p>\n<p>A primeira atividade da Empresa, foi a\u00a0 produ\u00e7\u00e3o de cord\u00f5es de \u201cvives\u201d,<b> <\/b>para estofos.<\/p>\n<p>Face \u00e0 qualidade do produto apresentado, as encomendas come\u00e7aram a aumentar, tendo ent\u00e3o a necessidade de comprar mais m\u00e1quinas e assim come\u00e7ou tamb\u00e9m a fabricar cord\u00f5es para mobili\u00e1rio, decora\u00e7\u00e3o e sirgaria.<\/p>\n<p>Sentindo imenso gosto pelo trabalho que estava a desenvolver, decidiu tamb\u00e9m comprar teares de alto rendimento, para o fabrico de fitas e precintas, com larguras at\u00e9 90mm.<\/p>\n<p>Neste momento, a diversidade de produtos j\u00e1 \u00e9 bastante grande.<\/p>\n<p>Os meios humanos, s\u00e3o sempre incentivados \u00e0 produ\u00e7\u00e3o com qualidade, nunca deixando passar produto que n\u00e3o confira os padr\u00f5es exigidos.<\/p>\n<p>Esta referencia dos produtos, \u00e9 coadjuvada pelas m\u00e1quinas de alto rendimento, de renome internacional, contribuindo deste modo para uma garantia de qualidade, sempre atestada pelos seus clientes.<\/p>\n<p>Aliado aos dois pontos anteriores, a SERAFIM A.G. FERNANDES, utiliza sempre na sua produ\u00e7\u00e3o, fios de alta qualidade, conferindo deste modo um triangulo de convergencia, para a referida qualidade dos produtos que fabrica.<\/p>\n<p>Em Janeiro de 2016, foi constituida uma sociedade por quotas, passando a denominar-se SERAFIM FERNANDES \u2013 Passamanarias, LDA.<\/p>\n","protected":false},"excerpt":{"rendered":"<p>A Empresa SERAFIM A. G. FERNANDES, foi criada em Abril de 1992. SERAFIM FERNANDES, o fundador, foi sempre uma pessoa muito ativa e empreendedora. Toda a sua vida esteve ligado \u00e0 Ind\u00fastria Textil, tendo trabalhado cerca de 30 anos, como afinador de m\u00e1quinas de tecelagem. A primeira atividade da Empresa, foi a\u00a0 produ\u00e7\u00e3o de cord\u00f5es&#8230;<\/p>\n","protected":false},"author":1,"featured_media":0,"parent":0,"menu_order":7,"comment_status":"closed","ping_status":"open","template":"","meta":{"_kad_post_transparent":"","_kad_post_title":"","_kad_post_layout":"","_kad_post_sidebar_id":"","_kad_post_content_style":"","_kad_post_vertical_padding":"","_kad_post_feature":"","_kad_post_feature_position":"","_kad_post_header":false,"_kad_post_footer":false,"_kad_post_classname":"","footnotes":""},"class_list":["post-17","page","type-page","status-publish","hentry"],"_links":{"self":[{"href":"https:\/\/serafimfernandes.pt\/index.php?rest_route=\/wp\/v2\/pages\/17","targetHints":{"allow":["GET"]}}],"collection":[{"href":"https:\/\/serafimfernandes.pt\/index.php?rest_route=\/wp\/v2\/pages"}],"about":[{"href":"https:\/\/serafimfernandes.pt\/index.php?rest_route=\/wp\/v2\/types\/page"}],"author":[{"embeddable":true,"href":"https:\/\/serafimfernandes.pt\/index.php?rest_route=\/wp\/v2\/users\/1"}],"replies":[{"embeddable":true,"href":"https:\/\/serafimfernandes.pt\/index.php?rest_route=%2Fwp%2Fv2%2Fcomments&post=17"}],"version-history":[{"count":8,"href":"https:\/\/serafimfernandes.pt\/index.php?rest_route=\/wp\/v2\/pages\/17\/revisions"}],"predecessor-version":[{"id":89,"href":"https:\/\/serafimfernandes.pt\/index.php?rest_route=\/wp\/v2\/pages\/17\/revisions\/89"}],"wp:attachment":[{"href":"https:\/\/serafimfernandes.pt\/index.php?rest_route=%2Fwp%2Fv2%2Fmedia&parent=17"}],"curies":[{"name":"wp","href":"https:\/\/api.w.org\/{rel}","templated":true}]}}