{"id":23,"date":"2010-08-26T22:47:22","date_gmt":"2010-08-26T22:47:22","guid":{"rendered":"http:\/\/serafimfernandes.pt\/?page_id=23"},"modified":"2023-09-29T15:54:26","modified_gmt":"2023-09-29T15:54:26","slug":"fitas","status":"publish","type":"page","link":"https:\/\/serafimfernandes.pt\/?page_id=23","title":{"rendered":"Fitas"},"content":{"rendered":"<p><a href=\"http:\/\/serafimfernandes.pt\/wp-content\/uploads\/2023\/09\/IMG_20230731_104649.jpg\"><img loading=\"lazy\" decoding=\"async\" class=\"aligncenter size-medium wp-image-124\" src=\"http:\/\/serafimfernandes.pt\/wp-content\/uploads\/2023\/09\/IMG_20230731_104649-300x135.jpg\" alt=\"\" width=\"300\" height=\"135\" srcset=\"https:\/\/serafimfernandes.pt\/wp-content\/uploads\/2023\/09\/IMG_20230731_104649-300x135.jpg 300w, https:\/\/serafimfernandes.pt\/wp-content\/uploads\/2023\/09\/IMG_20230731_104649-1024x461.jpg 1024w, https:\/\/serafimfernandes.pt\/wp-content\/uploads\/2023\/09\/IMG_20230731_104649-768x346.jpg 768w, https:\/\/serafimfernandes.pt\/wp-content\/uploads\/2023\/09\/IMG_20230731_104649-1536x691.jpg 1536w, https:\/\/serafimfernandes.pt\/wp-content\/uploads\/2023\/09\/IMG_20230731_104649.jpg 2000w\" sizes=\"auto, (max-width: 300px) 100vw, 300px\" \/><\/a><\/p>\n<p>\u2013 Fitas para estores<\/p>\n<p>\u2013 Fitas, em polypropileno, em polyester, em algod\u00e3o, fitas manga, fitas para fechar colch\u00f5es, fitas para bandeiras, para medalhas etc (laguras at\u00e9 90mm)<\/p>\n<p>\u2013 Fitas FAILLE: estas fitas s\u00e3o indicadas para as cartolas e pastas dos estudantes, para rosetas, para galhardetes e muitas outras aplica\u00e7\u00f5es (larguras de 12, 25, 50, 75 e 90mm)<\/p>\n<p><a href=\"http:\/\/serafimfernandes.pt\/wp-content\/uploads\/2023\/09\/IMG_20230731_102326.jpg\"><img loading=\"lazy\" decoding=\"async\" class=\"aligncenter size-medium wp-image-142\" src=\"http:\/\/serafimfernandes.pt\/wp-content\/uploads\/2023\/09\/IMG_20230731_102326-135x300.jpg\" alt=\"\" width=\"135\" height=\"300\" srcset=\"https:\/\/serafimfernandes.pt\/wp-content\/uploads\/2023\/09\/IMG_20230731_102326-135x300.jpg 135w, https:\/\/serafimfernandes.pt\/wp-content\/uploads\/2023\/09\/IMG_20230731_102326-461x1024.jpg 461w, https:\/\/serafimfernandes.pt\/wp-content\/uploads\/2023\/09\/IMG_20230731_102326-768x1707.jpg 768w, https:\/\/serafimfernandes.pt\/wp-content\/uploads\/2023\/09\/IMG_20230731_102326-691x1536.jpg 691w, https:\/\/serafimfernandes.pt\/wp-content\/uploads\/2023\/09\/IMG_20230731_102326.jpg 900w\" sizes=\"auto, (max-width: 135px) 100vw, 135px\" \/><\/a><\/p>\n","protected":false},"excerpt":{"rendered":"<p>\u2013 Fitas para estores \u2013 Fitas, em polypropileno, em polyester, em algod\u00e3o, fitas manga, fitas para fechar colch\u00f5es, fitas para bandeiras, para medalhas etc (laguras at\u00e9 90mm) \u2013 Fitas FAILLE: estas fitas s\u00e3o indicadas para as cartolas e pastas dos estudantes, para rosetas, para galhardetes e muitas outras aplica\u00e7\u00f5es (larguras de 12, 25, 50, 75&#8230;<\/p>\n","protected":false},"author":1,"featured_media":0,"parent":0,"menu_order":4,"comment_status":"closed","ping_status":"closed","template":"","meta":{"_kad_post_transparent":"","_kad_post_title":"","_kad_post_layout":"","_kad_post_sidebar_id":"","_kad_post_content_style":"","_kad_post_vertical_padding":"","_kad_post_feature":"","_kad_post_feature_position":"","_kad_post_header":false,"_kad_post_footer":false,"_kad_post_classname":"","footnotes":""},"class_list":["post-23","page","type-page","status-publish","hentry"],"_links":{"self":[{"href":"https:\/\/serafimfernandes.pt\/index.php?rest_route=\/wp\/v2\/pages\/23","targetHints":{"allow":["GET"]}}],"collection":[{"href":"https:\/\/serafimfernandes.pt\/index.php?rest_route=\/wp\/v2\/pages"}],"about":[{"href":"https:\/\/serafimfernandes.pt\/index.php?rest_route=\/wp\/v2\/types\/page"}],"author":[{"embeddable":true,"href":"https:\/\/serafimfernandes.pt\/index.php?rest_route=\/wp\/v2\/users\/1"}],"replies":[{"embeddable":true,"href":"https:\/\/serafimfernandes.pt\/index.php?rest_route=%2Fwp%2Fv2%2Fcomments&post=23"}],"version-history":[{"count":7,"href":"https:\/\/serafimfernandes.pt\/index.php?rest_route=\/wp\/v2\/pages\/23\/revisions"}],"predecessor-version":[{"id":152,"href":"https:\/\/serafimfernandes.pt\/index.php?rest_route=\/wp\/v2\/pages\/23\/revisions\/152"}],"wp:attachment":[{"href":"https:\/\/serafimfernandes.pt\/index.php?rest_route=%2Fwp%2Fv2%2Fmedia&parent=23"}],"curies":[{"name":"wp","href":"https:\/\/api.w.org\/{rel}","templated":true}]}}